{"id":385,"date":"2025-01-15T10:35:00","date_gmt":"2025-01-15T10:35:00","guid":{"rendered":"https:\/\/marcianoediciones.cl\/?post_type=product&#038;p=385"},"modified":"2026-01-08T07:50:10","modified_gmt":"2026-01-08T11:50:10","slug":"rsentidos-el-estallido-fue-el-19","status":"publish","type":"product","link":"https:\/\/marcianoediciones.cl\/index.php\/producto\/rsentidos-el-estallido-fue-el-19\/","title":{"rendered":"Rsentidos, el estallido fue el 19"},"content":{"rendered":"<p>Autor: David Rom\u00e1n C.<\/p>\n<p>Tipo de obra: Novela<\/p>\n<p>Formato: Tapa blanda, 268 p\u00e1ginas<\/p>\n<p>Dimensiones: 15 cm x 23 cm<\/p>\n<p>ISBN: 978-956-6094-73-9<\/p>\n<p>Despacho sin costo a todo Chile<\/p>\n<p>Rsentidos es la primera parte de una saga, <em>El estallido fue el 19<\/em>, que cuenta la historia de c\u00f3mo se incuba y se gesta en el Chile rural, el descontento que lleva al Estallido Social de octubre del 2019. Cuatro amigos, tradicionales agitadores del pueblito de Raik\u00e9n, al comprender lo relevante de este suceso hist\u00f3rico, se re\u00fanen en un veh\u00edculo para abordar la coyuntura de lo que ocurre en la capital. Ese 18 de octubre no pasar\u00e1 mucho en la provincia, por lo que deciden convocar a una marcha para el s\u00e1bado 19 en la plaza de armas, \u00bfel resultado?, los asistentes colmar\u00e1n las breves avenidas en su totalidad, concurriendo m\u00e1s de mil personas, una cifra inaudita en los registros del apacible lugar.<\/p>\n<p>Un lustro despu\u00e9s, en una \u00e9poca donde la derecha se apodera del concepto de libertario, e incluso de anarquismo, el autor quiere contar como son los verdaderos libertarios, los \u00fanicos que conoce: colectivistas y comprometidos en extremo con el bien com\u00fan. Los protagonistas son gente normal, con muchos defectos, pero todos comparten una virtud com\u00fan: las ganas de mejorar el lugar donde les toc\u00f3 vivir.<\/p>\n","protected":false},"excerpt":{"rendered":"<p>Rsentidos es la primera parte de una saga, <em>El estallido fue el 19<\/em>, que cuenta la historia de c\u00f3mo se incuba y se gesta en el Chile rural, el descontento que lleva al Estallido Social de octubre del 2019.<\/p>\n","protected":false},"featured_media":253,"comment_status":"open","ping_status":"closed","template":"","meta":[],"product_brand":[],"product_cat":[18],"product_tag":[],"class_list":{"0":"post-385","1":"product","2":"type-product","3":"status-publish","4":"has-post-thumbnail","6":"product_cat-novela","8":"first","9":"outofstock","10":"taxable","11":"shipping-taxable","12":"purchasable","13":"product-type-simple"},"_links":{"self":[{"href":"https:\/\/marcianoediciones.cl\/index.php\/wp-json\/wp\/v2\/product\/385","targetHints":{"allow":["GET"]}}],"collection":[{"href":"https:\/\/marcianoediciones.cl\/index.php\/wp-json\/wp\/v2\/product"}],"about":[{"href":"https:\/\/marcianoediciones.cl\/index.php\/wp-json\/wp\/v2\/types\/product"}],"replies":[{"embeddable":true,"href":"https:\/\/marcianoediciones.cl\/index.php\/wp-json\/wp\/v2\/comments?post=385"}],"wp:featuredmedia":[{"embeddable":true,"href":"https:\/\/marcianoediciones.cl\/index.php\/wp-json\/wp\/v2\/media\/253"}],"wp:attachment":[{"href":"https:\/\/marcianoediciones.cl\/index.php\/wp-json\/wp\/v2\/media?parent=385"}],"wp:term":[{"taxonomy":"product_brand","embeddable":true,"href":"https:\/\/marcianoediciones.cl\/index.php\/wp-json\/wp\/v2\/product_brand?post=385"},{"taxonomy":"product_cat","embeddable":true,"href":"https:\/\/marcianoediciones.cl\/index.php\/wp-json\/wp\/v2\/product_cat?post=385"},{"taxonomy":"product_tag","embeddable":true,"href":"https:\/\/marcianoediciones.cl\/index.php\/wp-json\/wp\/v2\/product_tag?post=385"}],"curies":[{"name":"wp","href":"https:\/\/api.w.org\/{rel}","templated":true}]}}